{"id":94654,"date":"2023-09-22T16:29:04","date_gmt":"2023-09-22T16:29:04","guid":{"rendered":"https:\/\/www.temsilder.org.tr\/?page_id=94654"},"modified":"2024-04-17T14:01:37","modified_gmt":"2024-04-17T14:01:37","slug":"cocuklarimiza-ibadet-bilincini-nasil-kazandiririz","status":"publish","type":"page","link":"https:\/\/www.temsilder.org.tr\/en\/cocuklarimiza-ibadet-bilincini-nasil-kazandiririz\/","title":{"rendered":"Do\u00e7. Dr. Esra T\u00fcrk ile \u201c\u00c7ocuklar\u0131m\u0131za \u0130badet Bilincini Nas\u0131l Kazand\u0131r\u0131r\u0131z?\u201d Semineri"},"content":{"rendered":"<div data-elementor-type=\"wp-page\" data-elementor-id=\"94654\" class=\"elementor elementor-94654\" data-elementor-post-type=\"page\">\n\t\t\t\t\t\t<section class=\"default no-position elementor-section elementor-top-section elementor-element elementor-element-9025cba elementor-section-boxed elementor-section-height-default elementor-section-height-default\" data-id=\"9025cba\" data-element_type=\"section\">\n\t\t\t\t\t\t<div class=\"elementor-container elementor-column-gap-default\">\n\t\t\t\t\t<div class=\"elementor-column elementor-col-50 elementor-top-column elementor-element elementor-element-17ea596\" data-id=\"17ea596\" data-element_type=\"column\">\n\t\t\t<div class=\"elementor-widget-wrap elementor-element-populated\">\n\t\t\t\t\t\t<div class=\"elementor-element elementor-element-62d77bc elementor-widget elementor-widget-image\" data-id=\"62d77bc\" data-element_type=\"widget\" data-widget_type=\"image.default\">\n\t\t\t\t<div class=\"elementor-widget-container\">\n\t\t\t\t\t\t\t\t\t\t\t\t\t\t\t<img fetchpriority=\"high\" decoding=\"async\" width=\"570\" height=\"760\" src=\"https:\/\/www.temsilder.org.tr\/wp-content\/uploads\/2023\/09\/Esra-Turk-ile-Cocuklarimiza-Ibadet-Bilincini-Nasil-Kazandiririz-Etkinlik-1.png\" class=\"attachment-large size-large wp-image-94657\" alt=\"\" srcset=\"https:\/\/www.temsilder.org.tr\/wp-content\/uploads\/2023\/09\/Esra-Turk-ile-Cocuklarimiza-Ibadet-Bilincini-Nasil-Kazandiririz-Etkinlik-1.png 570w, https:\/\/www.temsilder.org.tr\/wp-content\/uploads\/2023\/09\/Esra-Turk-ile-Cocuklarimiza-Ibadet-Bilincini-Nasil-Kazandiririz-Etkinlik-1-225x300.png 225w\" sizes=\"(max-width: 570px) 100vw, 570px\" \/>\t\t\t\t\t\t\t\t\t\t\t\t\t\t\t<\/div>\n\t\t\t\t<\/div>\n\t\t\t\t<div class=\"elementor-element elementor-element-28cf9bb elementor-shape-circle elementor-widget__width-auto elementor-grid-0 e-grid-align-center elementor-widget elementor-widget-social-icons\" data-id=\"28cf9bb\" data-element_type=\"widget\" data-widget_type=\"social-icons.default\">\n\t\t\t\t<div class=\"elementor-widget-container\">\n\t\t\t\t\t\t\t<div class=\"elementor-social-icons-wrapper elementor-grid\">\n\t\t\t\t\t\t\t<span class=\"elementor-grid-item\">\n\t\t\t\t\t<a class=\"elementor-icon elementor-social-icon elementor-social-icon-whatsapp elementor-animation-shrink elementor-repeater-item-5de4bde\" href=\"https:\/\/wa.me\/905013646322\" target=\"_blank\">\n\t\t\t\t\t\t<span class=\"elementor-screen-only\">Whatsapp<\/span>\n\t\t\t\t\t\t<i class=\"fab fa-whatsapp\"><\/i>\t\t\t\t\t<\/a>\n\t\t\t\t<\/span>\n\t\t\t\t\t\t\t<span class=\"elementor-grid-item\">\n\t\t\t\t\t<a class=\"elementor-icon elementor-social-icon elementor-social-icon-youtube elementor-animation-shrink elementor-repeater-item-ddc5112\" href=\"https:\/\/www.youtube.com\/@temsilder\" target=\"_blank\">\n\t\t\t\t\t\t<span class=\"elementor-screen-only\">Youtube<\/span>\n\t\t\t\t\t\t<i class=\"fab fa-youtube\"><\/i>\t\t\t\t\t<\/a>\n\t\t\t\t<\/span>\n\t\t\t\t\t\t\t<span class=\"elementor-grid-item\">\n\t\t\t\t\t<a class=\"elementor-icon elementor-social-icon elementor-social-icon-instagram elementor-animation-shrink elementor-repeater-item-4481fde\" href=\"https:\/\/www.instagram.com\/temsilder\/\" target=\"_blank\">\n\t\t\t\t\t\t<span class=\"elementor-screen-only\">Instagram<\/span>\n\t\t\t\t\t\t<i class=\"fab fa-instagram\"><\/i>\t\t\t\t\t<\/a>\n\t\t\t\t<\/span>\n\t\t\t\t\t\t\t<span class=\"elementor-grid-item\">\n\t\t\t\t\t<a class=\"elementor-icon elementor-social-icon elementor-social-icon-facebook elementor-animation-shrink elementor-repeater-item-612bf79\" href=\"https:\/\/www.facebook.com\/temsilder\" target=\"_blank\">\n\t\t\t\t\t\t<span class=\"elementor-screen-only\">Facebook<\/span>\n\t\t\t\t\t\t<i class=\"fab fa-facebook\"><\/i>\t\t\t\t\t<\/a>\n\t\t\t\t<\/span>\n\t\t\t\t\t\t\t<span class=\"elementor-grid-item\">\n\t\t\t\t\t<a class=\"elementor-icon elementor-social-icon elementor-social-icon-twitter elementor-animation-shrink elementor-repeater-item-281be4e\" href=\"https:\/\/twitter.com\/temsilder\" target=\"_blank\">\n\t\t\t\t\t\t<span class=\"elementor-screen-only\">Twitter<\/span>\n\t\t\t\t\t\t<i class=\"fab fa-twitter\"><\/i>\t\t\t\t\t<\/a>\n\t\t\t\t<\/span>\n\t\t\t\t\t\t\t<span class=\"elementor-grid-item\">\n\t\t\t\t\t<a class=\"elementor-icon elementor-social-icon elementor-social-icon-telegram-plane elementor-animation-shrink elementor-repeater-item-91ebc7b\" href=\"https:\/\/t.me\/temsilder\" target=\"_blank\">\n\t\t\t\t\t\t<span class=\"elementor-screen-only\">Telegram-plane<\/span>\n\t\t\t\t\t\t<i class=\"fab fa-telegram-plane\"><\/i>\t\t\t\t\t<\/a>\n\t\t\t\t<\/span>\n\t\t\t\t\t<\/div>\n\t\t\t\t\t\t<\/div>\n\t\t\t\t<\/div>\n\t\t\t\t\t<\/div>\n\t\t<\/div>\n\t\t\t\t<div class=\"elementor-column elementor-col-50 elementor-top-column elementor-element elementor-element-d147cad\" data-id=\"d147cad\" data-element_type=\"column\">\n\t\t\t<div class=\"elementor-widget-wrap elementor-element-populated\">\n\t\t\t\t\t\t<div class=\"elementor-element elementor-element-6db2252 elementor-widget elementor-widget-rs-heading\" data-id=\"6db2252\" data-element_type=\"widget\" data-widget_type=\"rs-heading.default\">\n\t\t\t\t<div class=\"elementor-widget-container\">\n\t\t\t\t\t\n        <div class=\"prelements-heading default animate-  normal_color  subnormal_color dots_no subnormal_color\">\n        \t<div class=\"title-inner\">      \t\t\n\t            \t\t\t\t\n\t\t\t\t\t        <\/div>\n\t                    \t<div class=\"description\">\n            \t\t            \t\t<p>E\u011fitim Ba\u015flang\u0131\u00e7 Tarihi: 28 Eyl\u00fcl 2023<\/p><p>Son Ba\u015fvuru Tarihi: 26 Eyl\u00fcl 2023<\/p><p>G\u00fcn: \u00c7ar\u015famba, 18.00<\/p><p>Kontenjan: 100<\/p><p>E\u011fitim S\u00fcresi: 1 Saat<\/p><p>E\u011fitim \u015eekli: \u00c7evrimi\u00e7i<\/p><p>Hitap Kitlesi: Kad\u0131n kat\u0131l\u0131mc\u0131lara y\u00f6neliktir. \u00dccretsizdir. Form doldurulmas\u0131 gerekmektedir.<\/p>  \n            \t<\/div>\n        \t        <\/div>\n        \t\t\t\t<\/div>\n\t\t\t\t<\/div>\n\t\t\t\t<div class=\"elementor-element elementor-element-46dfd5f elementor-widget elementor-widget-rs-heading\" data-id=\"46dfd5f\" data-element_type=\"widget\" data-widget_type=\"rs-heading.default\">\n\t\t\t\t<div class=\"elementor-widget-container\">\n\t\t\t\t\t\n        <div class=\"prelements-heading default animate-  normal_color  subnormal_color dots_no subnormal_color\">\n        \t<div class=\"title-inner\">      \t\t\n\t            \t\t\t\t\n\t\t\t\t\t        <\/div>\n\t                    \t<div class=\"description\">\n            \t\t            \t\t<div class=\"h-row-container gutters-row-lg-2 gutters-row-md-2 gutters-row-0 gutters-row-v-lg-2 gutters-row-v-md-2 gutters-row-v-2 style-661 style-local-623-m8 position-relative\" data-colibri-id=\"623-m8\"><div class=\"h-row justify-content-lg-center justify-content-md-center justify-content-center align-items-lg-stretch align-items-md-stretch align-items-stretch gutters-col-lg-2 gutters-col-md-2 gutters-col-0 gutters-col-v-lg-2 gutters-col-v-md-2 gutters-col-v-2\"><div class=\"h-column h-column-container d-flex h-col-lg h-col-md h-col-auto style-662-outer style-local-623-m9-outer\"><div class=\"d-flex h-flex-basis h-column__inner h-px-lg-3 h-px-md-3 h-px-3 v-inner-lg-3 v-inner-md-3 v-inner-3 style-662 style-local-623-m9 position-relative\" data-colibri-id=\"623-m9\"><div class=\"w-100 h-y-container h-column__content h-column__v-align flex-basis-100 align-self-lg-start align-self-md-start align-self-start\"><div class=\"style-664 style-local-623-m10 position-relative h-element\" data-colibri-id=\"623-m10\"><div class=\"colibri-post-content h-global-transition-all\"><p>Temsil E\u011fitim ve K\u00fclt\u00fcr Derne\u011fi Temsil Kad\u0131n ve Aile Okulu taraf\u0131ndan d\u00fczenlenen \u201c\u00c7ocuklar\u0131m\u0131za \u0130badet Bilincini Nas\u0131l Kazand\u0131r\u0131r\u0131z?\u201c seminerine davetlisiniz. Do\u00e7. Dr. Esra T\u00fcrk'\u00fcn konu\u015fmac\u0131 olarak kat\u0131laca\u011f\u0131 seminer program\u0131 28 Eyl\u00fcl Per\u015fembe g\u00fcn\u00fc saat 18.00\u2019da \u00e7evrimi\u00e7i olarak ger\u00e7ekle\u015ftirilecektir. Programa kad\u0131n kat\u0131l\u0131mc\u0131lara y\u00f6neliktir, ba\u015fvuru i\u00e7in formu doldurmas\u0131 zorunludur.<\/p><\/div><\/div><\/div><\/div><\/div><\/div><\/div>  \n            \t<\/div>\n        \t        <\/div>\n        \t\t\t\t<\/div>\n\t\t\t\t<\/div>\n\t\t\t\t<div class=\"elementor-element elementor-element-ce212dc elementor-widget elementor-widget-rs-heading\" data-id=\"ce212dc\" data-element_type=\"widget\" data-widget_type=\"rs-heading.default\">\n\t\t\t\t<div class=\"elementor-widget-container\">\n\t\t\t\t\t\n        <div class=\"prelements-heading default animate-  normal_color  subnormal_color dots_no subnormal_color\">\n        \t<div class=\"title-inner\">      \t\t\n\t            <h3 class=\"title\"><span class=\"watermark\"><\/span>Do\u00e7. Dr. Esra T\u00fcrk kimdir?<\/h3>\t\t\t\t\n\t\t\t\t\t        <\/div>\n\t                    \t<div class=\"description\">\n            \t\t            \t\t<div class=\"h-row-container gutters-row-lg-2 gutters-row-md-2 gutters-row-0 gutters-row-v-lg-2 gutters-row-v-md-2 gutters-row-v-2 style-661 style-local-623-m8 position-relative\" data-colibri-id=\"623-m8\"><div class=\"h-row justify-content-lg-center justify-content-md-center justify-content-center align-items-lg-stretch align-items-md-stretch align-items-stretch gutters-col-lg-2 gutters-col-md-2 gutters-col-0 gutters-col-v-lg-2 gutters-col-v-md-2 gutters-col-v-2\"><div class=\"h-column h-column-container d-flex h-col-lg h-col-md h-col-auto style-662-outer style-local-623-m9-outer\"><div class=\"d-flex h-flex-basis h-column__inner h-px-lg-3 h-px-md-3 h-px-3 v-inner-lg-3 v-inner-md-3 v-inner-3 style-662 style-local-623-m9 position-relative\" data-colibri-id=\"623-m9\"><div class=\"w-100 h-y-container h-column__content h-column__v-align flex-basis-100 align-self-lg-start align-self-md-start align-self-start\"><div class=\"style-664 style-local-623-m10 position-relative h-element\" data-colibri-id=\"623-m10\"><div class=\"colibri-post-content h-global-transition-all\"><p>1980 y\u0131l\u0131nda \u0130stanbul\u2019da do\u011fdu. 2003 y\u0131l\u0131nda Marmara \u00dcniversitesi \u0130lahiyat Fak\u00fcltesinde lisans e\u011fitimini tamamlad\u0131. 2007 y\u0131l\u0131nda ayn\u0131 \u00fcniversitenin Felsefe ve Din Bilimleri B\u00f6l\u00fcm\u00fc Din E\u011fitimi Anabilim Dal\u0131nda \u201c\u00c7ocukta Duygusal Geli\u015fimin Din E\u011fitimine Etkisi\u201d adl\u0131 tezi ile y\u00fcksek lisans\u0131n\u0131 tamamlad\u0131. 2012 y\u0131l\u0131nda Marmara \u00dcniversitesi Sosyal Bilimler Enstit\u00fcs\u00fcnde \u201cKur\u2019an\u2019a G\u00f6re Din E\u011fitiminde Rehberlik\u201d adl\u0131 doktora tezini tamamlad\u0131. 2016 y\u0131l\u0131nda \u0130stanbul Sabahattin Zaim \u00dcniversitesinde yard\u0131mc\u0131 do\u00e7ent doktor olarak g\u00f6reve ba\u015flad\u0131. 2023 y\u0131l\u0131nda do\u00e7ent unvan\u0131n\u0131 ald\u0131. H\u00e2l\u00e2 ayn\u0131 \u00fcniversitede \u0130slami \u0130limler Fak\u00fcltesi Felsefe ve Din Bilimleri alan\u0131nda g\u00f6reve devam etmektedir. Bir y\u0131l\u0131 a\u015fk\u0131n s\u00fcredir Manevi Dan\u0131\u015fmanl\u0131k ve Rehberlik Anabilim Dal\u0131 Ba\u015fkanl\u0131\u011f\u0131n\u0131 y\u00fcr\u00fctmektedir. Din e\u011fitimi, de\u011ferler e\u011fitimi, manevi dan\u0131\u015fmanl\u0131k ve rehberlik \u00e7al\u0131\u015fma alanlar\u0131 aras\u0131nda yer almaktad\u0131r.<\/p><\/div><\/div><\/div><\/div><\/div><\/div><\/div>  \n            \t<\/div>\n        \t        <\/div>\n        \t\t\t\t<\/div>\n\t\t\t\t<\/div>\n\t\t\t\t<div class=\"elementor-element elementor-element-805a314 elementor-icon-list--layout-traditional elementor-list-item-link-full_width elementor-widget elementor-widget-icon-list\" data-id=\"805a314\" data-element_type=\"widget\" data-widget_type=\"icon-list.default\">\n\t\t\t\t<div class=\"elementor-widget-container\">\n\t\t\t\t\t\t\t<ul class=\"elementor-icon-list-items\">\n\t\t\t\t\t\t\t<li class=\"elementor-icon-list-item\">\n\t\t\t\t\t\t\t\t\t\t\t<span class=\"elementor-icon-list-icon\">\n\t\t\t\t\t\t\t\t\t\t\t\t\t<\/span>\n\t\t\t\t\t\t\t\t\t\t<span class=\"elementor-icon-list-text\">Ba\u015fvuru S\u00fcreci Tamamland\u0131<\/span>\n\t\t\t\t\t\t\t\t\t<\/li>\n\t\t\t\t\t\t<\/ul>\n\t\t\t\t\t\t<\/div>\n\t\t\t\t<\/div>\n\t\t\t\t\t<\/div>\n\t\t<\/div>\n\t\t\t\t\t<\/div>\n\t\t<\/section>\n\t\t\t\t<\/div>","protected":false},"excerpt":{"rendered":"<p>Whatsapp Youtube Instagram Facebook Twitter Telegram-plane E\u011fitim Ba\u015flang\u0131\u00e7 Tarihi: 28 Eyl\u00fcl 2023 Son Ba\u015fvuru Tarihi: 26 Eyl\u00fcl 2023 G\u00fcn: \u00c7ar\u015famba, 18.00 Kontenjan: 100 E\u011fitim S\u00fcresi: 1 Saat E\u011fitim \u015eekli: \u00c7evrimi\u00e7i Hitap Kitlesi: Kad\u0131n kat\u0131l\u0131mc\u0131lara y\u00f6neliktir. \u00dccretsizdir. Form doldurulmas\u0131 gerekmektedir. Temsil E\u011fitim ve K\u00fclt\u00fcr Derne\u011fi Temsil Kad\u0131n ve Aile Okulu taraf\u0131ndan d\u00fczenlenen \u201c\u00c7ocuklar\u0131m\u0131za \u0130badet Bilincini Nas\u0131l&#8230;<\/p>","protected":false},"author":1,"featured_media":0,"parent":0,"menu_order":0,"comment_status":"closed","ping_status":"closed","template":"elementor_header_footer","meta":{"_themeisle_gutenberg_block_has_review":false,"footnotes":""},"_links":{"self":[{"href":"https:\/\/www.temsilder.org.tr\/en\/wp-json\/wp\/v2\/pages\/94654"}],"collection":[{"href":"https:\/\/www.temsilder.org.tr\/en\/wp-json\/wp\/v2\/pages"}],"about":[{"href":"https:\/\/www.temsilder.org.tr\/en\/wp-json\/wp\/v2\/types\/page"}],"author":[{"embeddable":true,"href":"https:\/\/www.temsilder.org.tr\/en\/wp-json\/wp\/v2\/users\/1"}],"replies":[{"embeddable":true,"href":"https:\/\/www.temsilder.org.tr\/en\/wp-json\/wp\/v2\/comments?post=94654"}],"version-history":[{"count":34,"href":"https:\/\/www.temsilder.org.tr\/en\/wp-json\/wp\/v2\/pages\/94654\/revisions"}],"predecessor-version":[{"id":96055,"href":"https:\/\/www.temsilder.org.tr\/en\/wp-json\/wp\/v2\/pages\/94654\/revisions\/96055"}],"wp:attachment":[{"href":"https:\/\/www.temsilder.org.tr\/en\/wp-json\/wp\/v2\/media?parent=94654"}],"curies":[{"name":"wp","href":"https:\/\/api.w.org\/{rel}","templated":true}]}}