{"id":94166,"date":"2023-09-16T12:20:16","date_gmt":"2023-09-16T12:20:16","guid":{"rendered":"https:\/\/www.temsilder.org.tr\/?page_id=94166"},"modified":"2023-09-23T12:41:47","modified_gmt":"2023-09-23T12:41:47","slug":"dursun-sahin","status":"publish","type":"page","link":"https:\/\/www.temsilder.org.tr\/en\/dursun-sahin\/","title":{"rendered":"Dursun \u015eahin"},"content":{"rendered":"<div data-elementor-type=\"wp-page\" data-elementor-id=\"94166\" class=\"elementor elementor-94166\" data-elementor-post-type=\"page\">\n\t\t\t\t\t\t<section class=\"default no-position elementor-section elementor-top-section elementor-element elementor-element-e3d8a24 elementor-section-boxed elementor-section-height-default elementor-section-height-default\" data-id=\"e3d8a24\" data-element_type=\"section\">\n\t\t\t\t\t\t<div class=\"elementor-container elementor-column-gap-default\">\n\t\t\t\t\t<div class=\"elementor-column elementor-col-33 elementor-top-column elementor-element elementor-element-44201ed\" data-id=\"44201ed\" data-element_type=\"column\">\n\t\t\t<div class=\"elementor-widget-wrap elementor-element-populated\">\n\t\t\t\t\t\t<section class=\"default no-position elementor-section elementor-inner-section elementor-element elementor-element-f28cd0a elementor-section-boxed elementor-section-height-default elementor-section-height-default\" data-id=\"f28cd0a\" data-element_type=\"section\">\n\t\t\t\t\t\t<div class=\"elementor-container elementor-column-gap-default\">\n\t\t\t\t\t<div class=\"elementor-column elementor-col-100 elementor-inner-column elementor-element elementor-element-6eb453b\" data-id=\"6eb453b\" data-element_type=\"column\">\n\t\t\t<div class=\"elementor-widget-wrap elementor-element-populated\">\n\t\t\t\t\t\t<div class=\"elementor-element elementor-element-313e395 elementor-widget elementor-widget-image\" data-id=\"313e395\" data-element_type=\"widget\" data-widget_type=\"image.default\">\n\t\t\t\t<div class=\"elementor-widget-container\">\n\t\t\t\t\t\t\t\t\t\t\t\t\t\t\t<img fetchpriority=\"high\" decoding=\"async\" width=\"350\" height=\"350\" src=\"https:\/\/www.temsilder.org.tr\/wp-content\/uploads\/2023\/09\/Dursun-Sahin.png\" class=\"attachment-large size-large wp-image-94535\" alt=\"\" srcset=\"https:\/\/www.temsilder.org.tr\/wp-content\/uploads\/2023\/09\/Dursun-Sahin.png 350w, https:\/\/www.temsilder.org.tr\/wp-content\/uploads\/2023\/09\/Dursun-Sahin-300x300.png 300w, https:\/\/www.temsilder.org.tr\/wp-content\/uploads\/2023\/09\/Dursun-Sahin-150x150.png 150w, https:\/\/www.temsilder.org.tr\/wp-content\/uploads\/2023\/09\/Dursun-Sahin-100x100.png 100w\" sizes=\"(max-width: 350px) 100vw, 350px\" \/>\t\t\t\t\t\t\t\t\t\t\t\t\t\t\t<\/div>\n\t\t\t\t<\/div>\n\t\t\t\t<div class=\"elementor-element elementor-element-46fe383 elementor-widget elementor-widget-heading\" data-id=\"46fe383\" data-element_type=\"widget\" data-widget_type=\"heading.default\">\n\t\t\t\t<div class=\"elementor-widget-container\">\n\t\t\t\t\t<h6 class=\"elementor-heading-title elementor-size-default\">Dursun \u015eahin<\/h6>\t\t\t\t<\/div>\n\t\t\t\t<\/div>\n\t\t\t\t<div class=\"elementor-element elementor-element-3be4529 elementor-widget elementor-widget-heading\" data-id=\"3be4529\" data-element_type=\"widget\" data-widget_type=\"heading.default\">\n\t\t\t\t<div class=\"elementor-widget-container\">\n\t\t\t\t\t<h6 class=\"elementor-heading-title elementor-size-default\">Sekreter<\/h6>\t\t\t\t<\/div>\n\t\t\t\t<\/div>\n\t\t\t\t\t<\/div>\n\t\t<\/div>\n\t\t\t\t\t<\/div>\n\t\t<\/section>\n\t\t\t\t\t<\/div>\n\t\t<\/div>\n\t\t\t\t<div class=\"elementor-column elementor-col-66 elementor-top-column elementor-element elementor-element-d9d8c0c\" data-id=\"d9d8c0c\" data-element_type=\"column\">\n\t\t\t<div class=\"elementor-widget-wrap elementor-element-populated\">\n\t\t\t\t\t\t<div class=\"elementor-element elementor-element-e3765b7 elementor-widget elementor-widget-heading\" data-id=\"e3765b7\" data-element_type=\"widget\" data-widget_type=\"heading.default\">\n\t\t\t\t<div class=\"elementor-widget-container\">\n\t\t\t\t\t<h6 class=\"elementor-heading-title elementor-size-default\">\u00d6zge\u00e7mi\u015f<\/h6>\t\t\t\t<\/div>\n\t\t\t\t<\/div>\n\t\t\t\t<div class=\"elementor-element elementor-element-b2c9b91 elementor-widget elementor-widget-text-editor\" data-id=\"b2c9b91\" data-element_type=\"widget\" data-widget_type=\"text-editor.default\">\n\t\t\t\t<div class=\"elementor-widget-container\">\n\t\t\t\t\t\t\t\t\t<p>1995 y\u0131l\u0131nda Sinop\u2019ta do\u011fdu. \u0130lk ve ortaokulu Sinop Dura\u011fan\u2019da yat\u0131l\u0131 b\u00f6lge okulunda tamamlad\u0131. Haf\u0131zl\u0131k e\u011fitimine Kastamonu Hz. Pir Kur\u2019an Kursunda ba\u015flad\u0131. 2008 y\u0131l\u0131nda ba\u015flayan Kur\u2019an e\u011fitimini 2011 y\u0131l\u0131nda haf\u0131zl\u0131k icazetini alarak tamamlad\u0131. Lise e\u011fitimini \u0130stanbul Bah\u00e7elievler Abdurrahman G\u00fcrses Anadolu \u0130mam Hatip Lisesinde tamamlad\u0131. Lisans e\u011fitimini 2021 y\u0131l\u0131nda \u0130stanbul \u00dcniversitesi \u0130lahiyat Fak\u00fcltesini tamamlad\u0131. 2016 y\u0131l\u0131nda Diyanet \u0130\u015fleri Ba\u015fkanl\u0131\u011f\u0131nda imam-hatip olarak g\u00f6reve ba\u015flad\u0131. Halen Ey\u00fcpsultan \u00dclker Mescidinde imam-hatip olarak g\u00f6rev yap\u0131yor, Temsil E\u011fitim ve K\u00fclt\u00fcr Derne\u011finde (TEMS\u0130L-DER) genel sekreter olarak \u00e7al\u0131\u015fmalara katk\u0131 sunuyor. Evli ve iki \u00e7ocuk babas\u0131d\u0131r.<\/p>\t\t\t\t\t\t\t\t<\/div>\n\t\t\t\t<\/div>\n\t\t\t\t\t<\/div>\n\t\t<\/div>\n\t\t\t\t\t<\/div>\n\t\t<\/section>\n\t\t\t\t<\/div>","protected":false},"excerpt":{"rendered":"<p>Dursun \u015eahin Sekreter \u00d6zge\u00e7mi\u015f 1995 y\u0131l\u0131nda Sinop\u2019ta do\u011fdu. \u0130lk ve ortaokulu Sinop Dura\u011fan\u2019da yat\u0131l\u0131 b\u00f6lge okulunda tamamlad\u0131. Haf\u0131zl\u0131k e\u011fitimine Kastamonu Hz. Pir Kur\u2019an Kursunda ba\u015flad\u0131. 2008 y\u0131l\u0131nda ba\u015flayan Kur\u2019an e\u011fitimini 2011 y\u0131l\u0131nda haf\u0131zl\u0131k icazetini alarak tamamlad\u0131. Lise e\u011fitimini \u0130stanbul Bah\u00e7elievler Abdurrahman G\u00fcrses Anadolu \u0130mam Hatip Lisesinde tamamlad\u0131. Lisans e\u011fitimini 2021 y\u0131l\u0131nda \u0130stanbul \u00dcniversitesi \u0130lahiyat Fak\u00fcltesini&#8230;<\/p>","protected":false},"author":1,"featured_media":0,"parent":0,"menu_order":0,"comment_status":"closed","ping_status":"closed","template":"elementor_header_footer","meta":{"_themeisle_gutenberg_block_has_review":false,"footnotes":""},"_links":{"self":[{"href":"https:\/\/www.temsilder.org.tr\/en\/wp-json\/wp\/v2\/pages\/94166"}],"collection":[{"href":"https:\/\/www.temsilder.org.tr\/en\/wp-json\/wp\/v2\/pages"}],"about":[{"href":"https:\/\/www.temsilder.org.tr\/en\/wp-json\/wp\/v2\/types\/page"}],"author":[{"embeddable":true,"href":"https:\/\/www.temsilder.org.tr\/en\/wp-json\/wp\/v2\/users\/1"}],"replies":[{"embeddable":true,"href":"https:\/\/www.temsilder.org.tr\/en\/wp-json\/wp\/v2\/comments?post=94166"}],"version-history":[{"count":16,"href":"https:\/\/www.temsilder.org.tr\/en\/wp-json\/wp\/v2\/pages\/94166\/revisions"}],"predecessor-version":[{"id":94749,"href":"https:\/\/www.temsilder.org.tr\/en\/wp-json\/wp\/v2\/pages\/94166\/revisions\/94749"}],"wp:attachment":[{"href":"https:\/\/www.temsilder.org.tr\/en\/wp-json\/wp\/v2\/media?parent=94166"}],"curies":[{"name":"wp","href":"https:\/\/api.w.org\/{rel}","templated":true}]}}