{"id":80380,"date":"2023-04-11T05:03:30","date_gmt":"2023-04-11T05:03:30","guid":{"rendered":"http:\/\/192.168.0.130:10023\/?page_id=80380"},"modified":"2023-10-02T14:49:57","modified_gmt":"2023-10-02T14:49:57","slug":"haberler","status":"publish","type":"page","link":"https:\/\/www.temsilder.org.tr\/en\/haberler\/","title":{"rendered":"Haberler"},"content":{"rendered":"<div data-elementor-type=\"wp-page\" data-elementor-id=\"80380\" class=\"elementor elementor-80380\" data-elementor-post-type=\"page\">\n\t\t\t\t\t\t<section class=\"default no-position elementor-section elementor-top-section elementor-element elementor-element-c3056eb elementor-section-full_width elementor-section-height-default elementor-section-height-default\" data-id=\"c3056eb\" data-element_type=\"section\" data-settings=\"{&quot;background_background&quot;:&quot;classic&quot;}\">\n\t\t\t\t\t\t<div class=\"elementor-container elementor-column-gap-default\">\n\t\t\t\t\t<div class=\"elementor-column elementor-col-100 elementor-top-column elementor-element elementor-element-5ea7c42\" data-id=\"5ea7c42\" data-element_type=\"column\">\n\t\t\t<div class=\"elementor-widget-wrap elementor-element-populated\">\n\t\t\t\t\t\t<section class=\"default no-position elementor-section elementor-inner-section elementor-element elementor-element-945c601 home-4-team-member elementor-section-boxed elementor-section-height-default elementor-section-height-default\" data-id=\"945c601\" data-element_type=\"section\">\n\t\t\t\t\t\t<div class=\"elementor-container elementor-column-gap-default\">\n\t\t\t\t\t<div class=\"elementor-column elementor-col-100 elementor-inner-column elementor-element elementor-element-1eeaa5a\" data-id=\"1eeaa5a\" data-element_type=\"column\">\n\t\t\t<div class=\"elementor-widget-wrap elementor-element-populated\">\n\t\t\t\t\t\t<section class=\"default no-position elementor-section elementor-inner-section elementor-element elementor-element-014f0d1 elementor-section-content-middle elementor-section-boxed elementor-section-height-default elementor-section-height-default\" data-id=\"014f0d1\" data-element_type=\"section\">\n\t\t\t\t\t\t<div class=\"elementor-container elementor-column-gap-default\">\n\t\t\t\t\t<div class=\"elementor-column elementor-col-50 elementor-inner-column elementor-element elementor-element-4b5434a\" data-id=\"4b5434a\" data-element_type=\"column\">\n\t\t\t<div class=\"elementor-widget-wrap elementor-element-populated\">\n\t\t\t\t\t\t<div class=\"elementor-element elementor-element-637eec5 elementor-widget elementor-widget-rs-heading\" data-id=\"637eec5\" data-element_type=\"widget\" data-widget_type=\"rs-heading.default\">\n\t\t\t\t<div class=\"elementor-widget-container\">\n\t\t\t\t\t\n        <div class=\"prelements-heading style13 animate-default  normal_color  subnormal_color dots_ subnormal_color\">\n        \t<div class=\"title-inner\">      \t\t\n\t            <h2 class=\"title\"><span class=\"watermark\"><\/span>Haberler<\/h2>\t\t\t\t\n\t\t\t\t\t        <\/div>\n\t                <\/div>\n        \t\t\t\t<\/div>\n\t\t\t\t<\/div>\n\t\t\t\t<div class=\"elementor-element elementor-element-dff70fe elementor-widget__width-auto elementor-widget-divider--view-line elementor-widget elementor-widget-divider\" data-id=\"dff70fe\" data-element_type=\"widget\" data-widget_type=\"divider.default\">\n\t\t\t\t<div class=\"elementor-widget-container\">\n\t\t\t\t\t\t\t<div class=\"elementor-divider\">\n\t\t\t<span class=\"elementor-divider-separator\">\n\t\t\t\t\t\t<\/span>\n\t\t<\/div>\n\t\t\t\t\t\t<\/div>\n\t\t\t\t<\/div>\n\t\t\t\t\t<\/div>\n\t\t<\/div>\n\t\t\t\t<div class=\"elementor-column elementor-col-50 elementor-inner-column elementor-element elementor-element-9a66dc4\" data-id=\"9a66dc4\" data-element_type=\"column\">\n\t\t\t<div class=\"elementor-widget-wrap\">\n\t\t\t\t\t\t\t<\/div>\n\t\t<\/div>\n\t\t\t\t\t<\/div>\n\t\t<\/section>\n\t\t\t\t<div class=\"elementor-element elementor-element-68ec1a2 elementor-widget elementor-widget-prelements_blog\" data-id=\"68ec1a2\" data-element_type=\"widget\" data-widget_type=\"prelements_blog.default\">\n\t\t\t\t<div class=\"elementor-widget-container\">\n\t\t\t\t\t\t\t\t<div class=\"prelements-blog-grid blog-grid grayscale\">\r\n\t\t\t\t<div class=\"row\">\r\n\t\t\t\t \t\t\t\t\t\t\t\r\n\t\t\t\t\t\t<div class=\"col-lg-4 col-md-12\">\r\n\t\t\t\t\t\t\t<div class=\"pre-blog-item default pre-blog-meta- background\">\r\n\t\t\t\t\t\t\t\t<div class=\"blog-inner-wrap pre-thum-default pre-meta- top\">\r\n\t\t\t\t\t\t\t\t\t<div class=\"pre-image-wrap\" >\r\n                                        \r\n                                                                                    \r\n    \t\t\t\t\t\t\t\t\t\t<a class=\"pre-pointer-events\" href=\"https:\/\/www.temsilder.org.tr\/en\/uygulamali-dijital-egitim-programi-tamamlandi\/\">\r\n                                                    \t\t\t\t\t\t\t\t\t\t\t<img fetchpriority=\"high\" width=\"1200\" height=\"650\" src=\"https:\/\/www.temsilder.org.tr\/wp-content\/uploads\/2026\/04\/Untitled-1.png\" class=\"attachment-full size-full wp-post-image\" alt=\"\" decoding=\"async\" srcset=\"https:\/\/www.temsilder.org.tr\/wp-content\/uploads\/2026\/04\/Untitled-1.png 1200w, https:\/\/www.temsilder.org.tr\/wp-content\/uploads\/2026\/04\/Untitled-1-300x163.png 300w, https:\/\/www.temsilder.org.tr\/wp-content\/uploads\/2026\/04\/Untitled-1-1024x555.png 1024w, https:\/\/www.temsilder.org.tr\/wp-content\/uploads\/2026\/04\/Untitled-1-768x416.png 768w, https:\/\/www.temsilder.org.tr\/wp-content\/uploads\/2026\/04\/Untitled-1-18x10.png 18w\" sizes=\"(max-width: 1200px) 100vw, 1200px\" \/>    \t\t\t\t\t\t\t\t\t\t<\/a>\r\n                                        \r\n\r\n                                        \t\t\t\t\t\t\t\t\t\t\t\r\n\t\t\t\t\t\t\t\t\t\t\r\n                                        \t\t\t\t\t\t\t\t\t<\/div>\t\r\n\r\n\t\t\t\t\t\t\t\t\t<div class=\"pre-blog-content\">\r\n                                    <!-- If Reverse Meta Vertical -->\r\n\r\n                                    \r\n                                                                                                                        \r\n                                                                                    <h3 class=\"pre-post-title\"><a class=\"pre-pointer-events\" href=\"https:\/\/www.temsilder.org.tr\/en\/uygulamali-dijital-egitim-programi-tamamlandi\/\">Uygulamal\u0131 Dijital E\u011fitim Program\u0131 Tamamland\u0131<\/a><\/h3>                                        \r\n                                        \r\n                                    \r\n                                    <!-- End if Reverse Meta Vertical -->\r\n\r\n                                       \r\n\r\n                                            \t\t\t\t\t\t\t\t  \t\t<p class=\"pre-content\">\u0130GEDER ile ortakla\u015fa y\u00fcr\u00fctt\u00fc\u011f\u00fcm\u00fcz Uygulamal\u0131 Dijital E\u011fitim Program\u0131, 20-21...<\/p>\r\n    \t\t\t\t\t\t\t\t\t\r\n    \t\t\t\t\t\t\t\t\t\r\n                                        \r\n                                                                                            <div class=\"blog-btn-part\">\r\n                                                                                                            <a class=\"pre-admin\" href=\"https:\/\/www.temsilder.org.tr\/en\/author\/admin\/\">\r\n                                                            <em class=\"pre-avatar-image\"><img alt='' src='https:\/\/secure.gravatar.com\/avatar\/3c0b04397cdec206b346d2a7e692fdbe?s=40&#038;d=mm&#038;r=g' srcset='https:\/\/secure.gravatar.com\/avatar\/3c0b04397cdec206b346d2a7e692fdbe?s=80&#038;d=mm&#038;r=g 2x' class='avatar avatar-40 photo' height='40' width='40' decoding='async'\/><\/em>\r\n                                                            <span class=\"admin-text\">admin<\/span>\r\n                                                        <\/a>\r\n                                                    \r\n                                                                                                            <a class=\"blog-btn icon-after\" href=\"https:\/\/www.temsilder.org.tr\/en\/uygulamali-dijital-egitim-programi-tamamlandi\/\">\r\n                                                            <span class=\"btn-txt\">Daha Fazla<\/span>\r\n                                                                                                                                 <svg xmlns=\"http:\/\/www.w3.org\/2000\/svg\" width=\"15\" height=\"15\" viewbox=\"0 0 15 15\"><g clip-path=\"url(#clip0_878_881)\"><path d=\"M7.5 8.125H2.5V6.875H7.5V2.5L12.5 7.5L7.5 12.5V8.125Z\" fill=\"#513DE8\"><\/path><\/g><defs><clippath id=\"clip0_878_881\"><rect width=\"15\" height=\"15\" fill=\"white\"><\/rect><\/clippath><\/defs><\/svg>\r\n                                                                                                                           \r\n                                                        <\/a>\r\n                                                <\/div>\r\n                                            \t\t\t\t\t\t\t\t\t<\/div>\r\n\t\t\t\t\t\t  \t\t<\/div>\r\n\t\t\t\t\t  \t\t<\/div>\r\n\t\t\t\t\t\t<\/div>\r\n\t\t\t\t\t\t\t\t\t\t\t\t\r\n\t\t\t\t\t\t<div class=\"col-lg-4 col-md-12\">\r\n\t\t\t\t\t\t\t<div class=\"pre-blog-item default pre-blog-meta- background\">\r\n\t\t\t\t\t\t\t\t<div class=\"blog-inner-wrap pre-thum-default pre-meta- top\">\r\n\t\t\t\t\t\t\t\t\t<div class=\"pre-image-wrap\" >\r\n                                        \r\n                                                                                    \r\n    \t\t\t\t\t\t\t\t\t\t<a class=\"pre-pointer-events\" href=\"https:\/\/www.temsilder.org.tr\/en\/temsil-der-kitap-kulubu-ikinci-sezonu-devam-ediyor-3\/\">\r\n                                                    \t\t\t\t\t\t\t\t\t\t\t<img width=\"1200\" height=\"650\" src=\"https:\/\/www.temsilder.org.tr\/wp-content\/uploads\/2026\/03\/Untitled-22.png\" class=\"attachment-full size-full wp-post-image\" alt=\"\" decoding=\"async\" srcset=\"https:\/\/www.temsilder.org.tr\/wp-content\/uploads\/2026\/03\/Untitled-22.png 1200w, https:\/\/www.temsilder.org.tr\/wp-content\/uploads\/2026\/03\/Untitled-22-300x163.png 300w, https:\/\/www.temsilder.org.tr\/wp-content\/uploads\/2026\/03\/Untitled-22-1024x555.png 1024w, https:\/\/www.temsilder.org.tr\/wp-content\/uploads\/2026\/03\/Untitled-22-768x416.png 768w, https:\/\/www.temsilder.org.tr\/wp-content\/uploads\/2026\/03\/Untitled-22-18x10.png 18w\" sizes=\"(max-width: 1200px) 100vw, 1200px\" \/>    \t\t\t\t\t\t\t\t\t\t<\/a>\r\n                                        \r\n\r\n                                        \t\t\t\t\t\t\t\t\t\t\t\r\n\t\t\t\t\t\t\t\t\t\t\r\n                                        \t\t\t\t\t\t\t\t\t<\/div>\t\r\n\r\n\t\t\t\t\t\t\t\t\t<div class=\"pre-blog-content\">\r\n                                    <!-- If Reverse Meta Vertical -->\r\n\r\n                                    \r\n                                                                                                                        \r\n                                                                                    <h3 class=\"pre-post-title\"><a class=\"pre-pointer-events\" href=\"https:\/\/www.temsilder.org.tr\/en\/temsil-der-kitap-kulubu-ikinci-sezonu-devam-ediyor-3\/\">TEMS\u0130L-DER Kitap Kul\u00fcb\u00fc \u0130kinci Sezonu Devam Ediyor<\/a><\/h3>                                        \r\n                                        \r\n                                    \r\n                                    <!-- End if Reverse Meta Vertical -->\r\n\r\n                                       \r\n\r\n                                            \t\t\t\t\t\t\t\t  \t\t<p class=\"pre-content\">Temsil Kad\u0131n ve Aile Okulu projesi kapsam\u0131nda her ay...<\/p>\r\n    \t\t\t\t\t\t\t\t\t\r\n    \t\t\t\t\t\t\t\t\t\r\n                                        \r\n                                                                                            <div class=\"blog-btn-part\">\r\n                                                                                                            <a class=\"pre-admin\" href=\"https:\/\/www.temsilder.org.tr\/en\/author\/admin\/\">\r\n                                                            <em class=\"pre-avatar-image\"><img alt='' src='https:\/\/secure.gravatar.com\/avatar\/3c0b04397cdec206b346d2a7e692fdbe?s=40&#038;d=mm&#038;r=g' srcset='https:\/\/secure.gravatar.com\/avatar\/3c0b04397cdec206b346d2a7e692fdbe?s=80&#038;d=mm&#038;r=g 2x' class='avatar avatar-40 photo' height='40' width='40' decoding='async'\/><\/em>\r\n                                                            <span class=\"admin-text\">admin<\/span>\r\n                                                        <\/a>\r\n                                                    \r\n                                                                                                            <a class=\"blog-btn icon-after\" href=\"https:\/\/www.temsilder.org.tr\/en\/temsil-der-kitap-kulubu-ikinci-sezonu-devam-ediyor-3\/\">\r\n                                                            <span class=\"btn-txt\">Daha Fazla<\/span>\r\n                                                                                                                                 <svg xmlns=\"http:\/\/www.w3.org\/2000\/svg\" width=\"15\" height=\"15\" viewbox=\"0 0 15 15\"><g clip-path=\"url(#clip0_878_882)\"><path d=\"M7.5 8.125H2.5V6.875H7.5V2.5L12.5 7.5L7.5 12.5V8.125Z\" fill=\"#513DE8\"><\/path><\/g><defs><clippath id=\"clip0_878_882\"><rect width=\"15\" height=\"15\" fill=\"white\"><\/rect><\/clippath><\/defs><\/svg>\r\n                                                                                                                           \r\n                                                        <\/a>\r\n                                                <\/div>\r\n                                            \t\t\t\t\t\t\t\t\t<\/div>\r\n\t\t\t\t\t\t  \t\t<\/div>\r\n\t\t\t\t\t  \t\t<\/div>\r\n\t\t\t\t\t\t<\/div>\r\n\t\t\t\t\t\t\t\t\t\t\t\t\r\n\t\t\t\t\t\t<div class=\"col-lg-4 col-md-12\">\r\n\t\t\t\t\t\t\t<div class=\"pre-blog-item default pre-blog-meta- background\">\r\n\t\t\t\t\t\t\t\t<div class=\"blog-inner-wrap pre-thum-default pre-meta- top\">\r\n\t\t\t\t\t\t\t\t\t<div class=\"pre-image-wrap\" >\r\n                                        \r\n                                                                                    \r\n    \t\t\t\t\t\t\t\t\t\t<a class=\"pre-pointer-events\" href=\"https:\/\/www.temsilder.org.tr\/en\/din-gorevlileri-genclik-egitimleri-kapsaminda-kocaelinde-bir-araya-geldi\/\">\r\n                                                    \t\t\t\t\t\t\t\t\t\t\t<img width=\"1200\" height=\"650\" src=\"https:\/\/www.temsilder.org.tr\/wp-content\/uploads\/2026\/03\/9.png\" class=\"attachment-full size-full wp-post-image\" alt=\"\" decoding=\"async\" srcset=\"https:\/\/www.temsilder.org.tr\/wp-content\/uploads\/2026\/03\/9.png 1200w, https:\/\/www.temsilder.org.tr\/wp-content\/uploads\/2026\/03\/9-300x163.png 300w, https:\/\/www.temsilder.org.tr\/wp-content\/uploads\/2026\/03\/9-1024x555.png 1024w, https:\/\/www.temsilder.org.tr\/wp-content\/uploads\/2026\/03\/9-768x416.png 768w, https:\/\/www.temsilder.org.tr\/wp-content\/uploads\/2026\/03\/9-18x10.png 18w\" sizes=\"(max-width: 1200px) 100vw, 1200px\" \/>    \t\t\t\t\t\t\t\t\t\t<\/a>\r\n                                        \r\n\r\n                                        \t\t\t\t\t\t\t\t\t\t\t\r\n\t\t\t\t\t\t\t\t\t\t\r\n                                        \t\t\t\t\t\t\t\t\t<\/div>\t\r\n\r\n\t\t\t\t\t\t\t\t\t<div class=\"pre-blog-content\">\r\n                                    <!-- If Reverse Meta Vertical -->\r\n\r\n                                    \r\n                                                                                                                        \r\n                                                                                    <h3 class=\"pre-post-title\"><a class=\"pre-pointer-events\" href=\"https:\/\/www.temsilder.org.tr\/en\/din-gorevlileri-genclik-egitimleri-kapsaminda-kocaelinde-bir-araya-geldi\/\">Din G\u00f6revlileri Gen\u00e7lik E\u011fitimleri Kapsam\u0131nda Kocaeli\u2019nde Bir Araya<\/a><\/h3>                                        \r\n                                        \r\n                                    \r\n                                    <!-- End if Reverse Meta Vertical -->\r\n\r\n                                       \r\n\r\n                                            \t\t\t\t\t\t\t\t  \t\t<p class=\"pre-content\">\u0130stanbul Diyanet Gen\u00e7lik (\u0130stanbul \u0130l M\u00fcft\u00fcl\u00fc\u011f\u00fc) ve TEMS\u0130L-DER (Temsil...<\/p>\r\n    \t\t\t\t\t\t\t\t\t\r\n    \t\t\t\t\t\t\t\t\t\r\n                                        \r\n                                                                                            <div class=\"blog-btn-part\">\r\n                                                                                                            <a class=\"pre-admin\" href=\"https:\/\/www.temsilder.org.tr\/en\/author\/admin\/\">\r\n                                                            <em class=\"pre-avatar-image\"><img alt='' src='https:\/\/secure.gravatar.com\/avatar\/3c0b04397cdec206b346d2a7e692fdbe?s=40&#038;d=mm&#038;r=g' srcset='https:\/\/secure.gravatar.com\/avatar\/3c0b04397cdec206b346d2a7e692fdbe?s=80&#038;d=mm&#038;r=g 2x' class='avatar avatar-40 photo' height='40' width='40' decoding='async'\/><\/em>\r\n                                                            <span class=\"admin-text\">admin<\/span>\r\n                                                        <\/a>\r\n                                                    \r\n                                                                                                            <a class=\"blog-btn icon-after\" href=\"https:\/\/www.temsilder.org.tr\/en\/din-gorevlileri-genclik-egitimleri-kapsaminda-kocaelinde-bir-araya-geldi\/\">\r\n                                                            <span class=\"btn-txt\">Daha Fazla<\/span>\r\n                                                                                                                                 <svg xmlns=\"http:\/\/www.w3.org\/2000\/svg\" width=\"15\" height=\"15\" viewbox=\"0 0 15 15\"><g clip-path=\"url(#clip0_878_883)\"><path d=\"M7.5 8.125H2.5V6.875H7.5V2.5L12.5 7.5L7.5 12.5V8.125Z\" fill=\"#513DE8\"><\/path><\/g><defs><clippath id=\"clip0_878_883\"><rect width=\"15\" height=\"15\" fill=\"white\"><\/rect><\/clippath><\/defs><\/svg>\r\n                                                                                                                           \r\n                                                        <\/a>\r\n                                                <\/div>\r\n                                            \t\t\t\t\t\t\t\t\t<\/div>\r\n\t\t\t\t\t\t  \t\t<\/div>\r\n\t\t\t\t\t  \t\t<\/div>\r\n\t\t\t\t\t\t<\/div>\r\n\t\t\t\t\t\t\t\t\t\t\t\t\r\n\t\t\t\t\t\t<div class=\"col-lg-4 col-md-12\">\r\n\t\t\t\t\t\t\t<div class=\"pre-blog-item default pre-blog-meta- background\">\r\n\t\t\t\t\t\t\t\t<div class=\"blog-inner-wrap pre-thum-default pre-meta- top\">\r\n\t\t\t\t\t\t\t\t\t<div class=\"pre-image-wrap\" >\r\n                                        \r\n                                                                                    \r\n    \t\t\t\t\t\t\t\t\t\t<a class=\"pre-pointer-events\" href=\"https:\/\/www.temsilder.org.tr\/en\/temsil-gelisim-okulu-iftar-programi-3\/\">\r\n                                                    \t\t\t\t\t\t\t\t\t\t\t<img loading=\"lazy\" width=\"1200\" height=\"650\" src=\"https:\/\/www.temsilder.org.tr\/wp-content\/uploads\/2026\/03\/web1.png\" class=\"attachment-full size-full wp-post-image\" alt=\"\" decoding=\"async\" srcset=\"https:\/\/www.temsilder.org.tr\/wp-content\/uploads\/2026\/03\/web1.png 1200w, https:\/\/www.temsilder.org.tr\/wp-content\/uploads\/2026\/03\/web1-300x163.png 300w, https:\/\/www.temsilder.org.tr\/wp-content\/uploads\/2026\/03\/web1-1024x555.png 1024w, https:\/\/www.temsilder.org.tr\/wp-content\/uploads\/2026\/03\/web1-768x416.png 768w, https:\/\/www.temsilder.org.tr\/wp-content\/uploads\/2026\/03\/web1-18x10.png 18w\" sizes=\"(max-width: 1200px) 100vw, 1200px\" \/>    \t\t\t\t\t\t\t\t\t\t<\/a>\r\n                                        \r\n\r\n                                        \t\t\t\t\t\t\t\t\t\t\t\r\n\t\t\t\t\t\t\t\t\t\t\r\n                                        \t\t\t\t\t\t\t\t\t<\/div>\t\r\n\r\n\t\t\t\t\t\t\t\t\t<div class=\"pre-blog-content\">\r\n                                    <!-- If Reverse Meta Vertical -->\r\n\r\n                                    \r\n                                                                                                                        \r\n                                                                                    <h3 class=\"pre-post-title\"><a class=\"pre-pointer-events\" href=\"https:\/\/www.temsilder.org.tr\/en\/temsil-gelisim-okulu-iftar-programi-3\/\">Temsil Geli\u015fim Okulu \u0130ftar Program\u0131<\/a><\/h3>                                        \r\n                                        \r\n                                    \r\n                                    <!-- End if Reverse Meta Vertical -->\r\n\r\n                                       \r\n\r\n                                            \t\t\t\t\t\t\t\t  \t\t<p class=\"pre-content\">Gen\u00e7lik hizmetleri kapsam\u0131nda ger\u00e7ekle\u015ftirdi\u011fimiz Temsil Geli\u015fim Okulu projemize kat\u0131l\u0131m...<\/p>\r\n    \t\t\t\t\t\t\t\t\t\r\n    \t\t\t\t\t\t\t\t\t\r\n                                        \r\n                                                                                            <div class=\"blog-btn-part\">\r\n                                                                                                            <a class=\"pre-admin\" href=\"https:\/\/www.temsilder.org.tr\/en\/author\/admin\/\">\r\n                                                            <em class=\"pre-avatar-image\"><img alt='' src='https:\/\/secure.gravatar.com\/avatar\/3c0b04397cdec206b346d2a7e692fdbe?s=40&#038;d=mm&#038;r=g' srcset='https:\/\/secure.gravatar.com\/avatar\/3c0b04397cdec206b346d2a7e692fdbe?s=80&#038;d=mm&#038;r=g 2x' class='avatar avatar-40 photo' height='40' width='40' decoding='async'\/><\/em>\r\n                                                            <span class=\"admin-text\">admin<\/span>\r\n                                                        <\/a>\r\n                                                    \r\n                                                                                                            <a class=\"blog-btn icon-after\" href=\"https:\/\/www.temsilder.org.tr\/en\/temsil-gelisim-okulu-iftar-programi-3\/\">\r\n                                                            <span class=\"btn-txt\">Daha Fazla<\/span>\r\n                                                                                                                                 <svg xmlns=\"http:\/\/www.w3.org\/2000\/svg\" width=\"15\" height=\"15\" viewbox=\"0 0 15 15\"><g clip-path=\"url(#clip0_878_884)\"><path d=\"M7.5 8.125H2.5V6.875H7.5V2.5L12.5 7.5L7.5 12.5V8.125Z\" fill=\"#513DE8\"><\/path><\/g><defs><clippath id=\"clip0_878_884\"><rect width=\"15\" height=\"15\" fill=\"white\"><\/rect><\/clippath><\/defs><\/svg>\r\n                                                                                                                           \r\n                                                        <\/a>\r\n                                                <\/div>\r\n                                            \t\t\t\t\t\t\t\t\t<\/div>\r\n\t\t\t\t\t\t  \t\t<\/div>\r\n\t\t\t\t\t  \t\t<\/div>\r\n\t\t\t\t\t\t<\/div>\r\n\t\t\t\t\t\t\t\t\t\t\t\t\r\n\t\t\t\t\t\t<div class=\"col-lg-4 col-md-12\">\r\n\t\t\t\t\t\t\t<div class=\"pre-blog-item default pre-blog-meta- background\">\r\n\t\t\t\t\t\t\t\t<div class=\"blog-inner-wrap pre-thum-default pre-meta- top\">\r\n\t\t\t\t\t\t\t\t\t<div class=\"pre-image-wrap\" >\r\n                                        \r\n                                                                                    \r\n    \t\t\t\t\t\t\t\t\t\t<a class=\"pre-pointer-events\" href=\"https:\/\/www.temsilder.org.tr\/en\/temsil-gelisim-okulu-bahar-2026-donemi-basladi\/\">\r\n                                                    \t\t\t\t\t\t\t\t\t\t\t<img loading=\"lazy\" width=\"1200\" height=\"650\" src=\"https:\/\/www.temsilder.org.tr\/wp-content\/uploads\/2026\/02\/web1.png\" class=\"attachment-full size-full wp-post-image\" alt=\"\" decoding=\"async\" srcset=\"https:\/\/www.temsilder.org.tr\/wp-content\/uploads\/2026\/02\/web1.png 1200w, https:\/\/www.temsilder.org.tr\/wp-content\/uploads\/2026\/02\/web1-300x163.png 300w, https:\/\/www.temsilder.org.tr\/wp-content\/uploads\/2026\/02\/web1-1024x555.png 1024w, https:\/\/www.temsilder.org.tr\/wp-content\/uploads\/2026\/02\/web1-768x416.png 768w, https:\/\/www.temsilder.org.tr\/wp-content\/uploads\/2026\/02\/web1-18x10.png 18w\" sizes=\"(max-width: 1200px) 100vw, 1200px\" \/>    \t\t\t\t\t\t\t\t\t\t<\/a>\r\n                                        \r\n\r\n                                        \t\t\t\t\t\t\t\t\t\t\t\r\n\t\t\t\t\t\t\t\t\t\t\r\n                                        \t\t\t\t\t\t\t\t\t<\/div>\t\r\n\r\n\t\t\t\t\t\t\t\t\t<div class=\"pre-blog-content\">\r\n                                    <!-- If Reverse Meta Vertical -->\r\n\r\n                                    \r\n                                                                                                                        \r\n                                                                                    <h3 class=\"pre-post-title\"><a class=\"pre-pointer-events\" href=\"https:\/\/www.temsilder.org.tr\/en\/temsil-gelisim-okulu-bahar-2026-donemi-basladi\/\">Temsil Geli\u015fim Okulu Bahar 2026 D\u00f6nemi Ba\u015flad\u0131<\/a><\/h3>                                        \r\n                                        \r\n                                    \r\n                                    <!-- End if Reverse Meta Vertical -->\r\n\r\n                                       \r\n\r\n                                            \t\t\t\t\t\t\t\t  \t\t<p class=\"pre-content\">Gen\u00e7lik \u00e7al\u0131\u015fmalar\u0131 projemiz Temsil Geli\u015fim Okulu Bahar 2026 d\u00f6nemi...<\/p>\r\n    \t\t\t\t\t\t\t\t\t\r\n    \t\t\t\t\t\t\t\t\t\r\n                                        \r\n                                                                                            <div class=\"blog-btn-part\">\r\n                                                                                                            <a class=\"pre-admin\" href=\"https:\/\/www.temsilder.org.tr\/en\/author\/admin\/\">\r\n                                                            <em class=\"pre-avatar-image\"><img alt='' src='https:\/\/secure.gravatar.com\/avatar\/3c0b04397cdec206b346d2a7e692fdbe?s=40&#038;d=mm&#038;r=g' srcset='https:\/\/secure.gravatar.com\/avatar\/3c0b04397cdec206b346d2a7e692fdbe?s=80&#038;d=mm&#038;r=g 2x' class='avatar avatar-40 photo' height='40' width='40' decoding='async'\/><\/em>\r\n                                                            <span class=\"admin-text\">admin<\/span>\r\n                                                        <\/a>\r\n                                                    \r\n                                                                                                            <a class=\"blog-btn icon-after\" href=\"https:\/\/www.temsilder.org.tr\/en\/temsil-gelisim-okulu-bahar-2026-donemi-basladi\/\">\r\n                                                            <span class=\"btn-txt\">Daha Fazla<\/span>\r\n                                                                                                                                 <svg xmlns=\"http:\/\/www.w3.org\/2000\/svg\" width=\"15\" height=\"15\" viewbox=\"0 0 15 15\"><g clip-path=\"url(#clip0_878_885)\"><path d=\"M7.5 8.125H2.5V6.875H7.5V2.5L12.5 7.5L7.5 12.5V8.125Z\" fill=\"#513DE8\"><\/path><\/g><defs><clippath id=\"clip0_878_885\"><rect width=\"15\" height=\"15\" fill=\"white\"><\/rect><\/clippath><\/defs><\/svg>\r\n                                                                                                                           \r\n                                                        <\/a>\r\n                                                <\/div>\r\n                                            \t\t\t\t\t\t\t\t\t<\/div>\r\n\t\t\t\t\t\t  \t\t<\/div>\r\n\t\t\t\t\t  \t\t<\/div>\r\n\t\t\t\t\t\t<\/div>\r\n\t\t\t\t\t\t\t\t\t\t\t\t\r\n\t\t\t\t\t\t<div class=\"col-lg-4 col-md-12\">\r\n\t\t\t\t\t\t\t<div class=\"pre-blog-item default pre-blog-meta- background\">\r\n\t\t\t\t\t\t\t\t<div class=\"blog-inner-wrap pre-thum-default pre-meta- top\">\r\n\t\t\t\t\t\t\t\t\t<div class=\"pre-image-wrap\" >\r\n                                        \r\n                                                                                    \r\n    \t\t\t\t\t\t\t\t\t\t<a class=\"pre-pointer-events\" href=\"https:\/\/www.temsilder.org.tr\/en\/zuleyha-yildiz-ile-makam-egitimi-sona-erdi\/\">\r\n                                                    \t\t\t\t\t\t\t\t\t\t\t<img loading=\"lazy\" width=\"1200\" height=\"650\" src=\"https:\/\/www.temsilder.org.tr\/wp-content\/uploads\/2026\/02\/haberweb-1.png\" class=\"attachment-full size-full wp-post-image\" alt=\"\" decoding=\"async\" srcset=\"https:\/\/www.temsilder.org.tr\/wp-content\/uploads\/2026\/02\/haberweb-1.png 1200w, https:\/\/www.temsilder.org.tr\/wp-content\/uploads\/2026\/02\/haberweb-1-300x163.png 300w, https:\/\/www.temsilder.org.tr\/wp-content\/uploads\/2026\/02\/haberweb-1-1024x555.png 1024w, https:\/\/www.temsilder.org.tr\/wp-content\/uploads\/2026\/02\/haberweb-1-768x416.png 768w, https:\/\/www.temsilder.org.tr\/wp-content\/uploads\/2026\/02\/haberweb-1-18x10.png 18w\" sizes=\"(max-width: 1200px) 100vw, 1200px\" \/>    \t\t\t\t\t\t\t\t\t\t<\/a>\r\n                                        \r\n\r\n                                        \t\t\t\t\t\t\t\t\t\t\t\r\n\t\t\t\t\t\t\t\t\t\t\r\n                                        \t\t\t\t\t\t\t\t\t<\/div>\t\r\n\r\n\t\t\t\t\t\t\t\t\t<div class=\"pre-blog-content\">\r\n                                    <!-- If Reverse Meta Vertical -->\r\n\r\n                                    \r\n                                                                                                                        \r\n                                                                                    <h3 class=\"pre-post-title\"><a class=\"pre-pointer-events\" href=\"https:\/\/www.temsilder.org.tr\/en\/zuleyha-yildiz-ile-makam-egitimi-sona-erdi\/\">Z\u00fcleyha Y\u0131ld\u0131z ile Makam E\u011fitimi Sona Erdi<\/a><\/h3>                                        \r\n                                        \r\n                                    \r\n                                    <!-- End if Reverse Meta Vertical -->\r\n\r\n                                       \r\n\r\n                                            \t\t\t\t\t\t\t\t  \t\t<p class=\"pre-content\">Temsil Akademi projesi kapsam\u0131nda d\u00fczenlenen ve e\u011fitimci Z\u00fcleyha Y\u0131ld\u0131z\u2019\u0131n...<\/p>\r\n    \t\t\t\t\t\t\t\t\t\r\n    \t\t\t\t\t\t\t\t\t\r\n                                        \r\n                                                                                            <div class=\"blog-btn-part\">\r\n                                                                                                            <a class=\"pre-admin\" href=\"https:\/\/www.temsilder.org.tr\/en\/author\/admin\/\">\r\n                                                            <em class=\"pre-avatar-image\"><img alt='' src='https:\/\/secure.gravatar.com\/avatar\/3c0b04397cdec206b346d2a7e692fdbe?s=40&#038;d=mm&#038;r=g' srcset='https:\/\/secure.gravatar.com\/avatar\/3c0b04397cdec206b346d2a7e692fdbe?s=80&#038;d=mm&#038;r=g 2x' class='avatar avatar-40 photo' height='40' width='40' decoding='async'\/><\/em>\r\n                                                            <span class=\"admin-text\">admin<\/span>\r\n                                                        <\/a>\r\n                                                    \r\n                                                                                                            <a class=\"blog-btn icon-after\" href=\"https:\/\/www.temsilder.org.tr\/en\/zuleyha-yildiz-ile-makam-egitimi-sona-erdi\/\">\r\n                                                            <span class=\"btn-txt\">Daha Fazla<\/span>\r\n                                                                                                                                 <svg xmlns=\"http:\/\/www.w3.org\/2000\/svg\" width=\"15\" height=\"15\" viewbox=\"0 0 15 15\"><g clip-path=\"url(#clip0_878_886)\"><path d=\"M7.5 8.125H2.5V6.875H7.5V2.5L12.5 7.5L7.5 12.5V8.125Z\" fill=\"#513DE8\"><\/path><\/g><defs><clippath id=\"clip0_878_886\"><rect width=\"15\" height=\"15\" fill=\"white\"><\/rect><\/clippath><\/defs><\/svg>\r\n                                                                                                                           \r\n                                                        <\/a>\r\n                                                <\/div>\r\n                                            \t\t\t\t\t\t\t\t\t<\/div>\r\n\t\t\t\t\t\t  \t\t<\/div>\r\n\t\t\t\t\t  \t\t<\/div>\r\n\t\t\t\t\t\t<\/div>\r\n\t\t\t\t\t\t\t\t\t\t\t\t\r\n\t\t\t\t\t\t<div class=\"col-lg-4 col-md-12\">\r\n\t\t\t\t\t\t\t<div class=\"pre-blog-item default pre-blog-meta- background\">\r\n\t\t\t\t\t\t\t\t<div class=\"blog-inner-wrap pre-thum-default pre-meta- top\">\r\n\t\t\t\t\t\t\t\t\t<div class=\"pre-image-wrap\" >\r\n                                        \r\n                                                                                    \r\n    \t\t\t\t\t\t\t\t\t\t<a class=\"pre-pointer-events\" href=\"https:\/\/www.temsilder.org.tr\/en\/cocuk-ve-genclerde-cinsel-kimlik-gelisimi-betul-kutucu-2\/\">\r\n                                                    \t\t\t\t\t\t\t\t\t\t\t<img loading=\"lazy\" width=\"1200\" height=\"650\" src=\"https:\/\/www.temsilder.org.tr\/wp-content\/uploads\/2026\/02\/Untitled-1.png\" class=\"attachment-full size-full wp-post-image\" alt=\"\" decoding=\"async\" srcset=\"https:\/\/www.temsilder.org.tr\/wp-content\/uploads\/2026\/02\/Untitled-1.png 1200w, https:\/\/www.temsilder.org.tr\/wp-content\/uploads\/2026\/02\/Untitled-1-300x163.png 300w, https:\/\/www.temsilder.org.tr\/wp-content\/uploads\/2026\/02\/Untitled-1-1024x555.png 1024w, https:\/\/www.temsilder.org.tr\/wp-content\/uploads\/2026\/02\/Untitled-1-768x416.png 768w, https:\/\/www.temsilder.org.tr\/wp-content\/uploads\/2026\/02\/Untitled-1-18x10.png 18w\" sizes=\"(max-width: 1200px) 100vw, 1200px\" \/>    \t\t\t\t\t\t\t\t\t\t<\/a>\r\n                                        \r\n\r\n                                        \t\t\t\t\t\t\t\t\t\t\t\r\n\t\t\t\t\t\t\t\t\t\t\r\n                                        \t\t\t\t\t\t\t\t\t<\/div>\t\r\n\r\n\t\t\t\t\t\t\t\t\t<div class=\"pre-blog-content\">\r\n                                    <!-- If Reverse Meta Vertical -->\r\n\r\n                                    \r\n                                                                                                                        \r\n                                                                                    <h3 class=\"pre-post-title\"><a class=\"pre-pointer-events\" href=\"https:\/\/www.temsilder.org.tr\/en\/cocuk-ve-genclerde-cinsel-kimlik-gelisimi-betul-kutucu-2\/\">\u00c7ocuk ve Gen\u00e7lerde Cinsel Kimlik Geli\u015fimi &#8211; Bet\u00fcl<\/a><\/h3>                                        \r\n                                        \r\n                                    \r\n                                    <!-- End if Reverse Meta Vertical -->\r\n\r\n                                       \r\n\r\n                                            \t\t\t\t\t\t\t\t  \t\t<p class=\"pre-content\">Temsil Kad\u0131n ve Aile Okulu projesi kapsam\u0131nda, psikolojik dan\u0131\u015fman...<\/p>\r\n    \t\t\t\t\t\t\t\t\t\r\n    \t\t\t\t\t\t\t\t\t\r\n                                        \r\n                                                                                            <div class=\"blog-btn-part\">\r\n                                                                                                            <a class=\"pre-admin\" href=\"https:\/\/www.temsilder.org.tr\/en\/author\/admin\/\">\r\n                                                            <em class=\"pre-avatar-image\"><img alt='' src='https:\/\/secure.gravatar.com\/avatar\/3c0b04397cdec206b346d2a7e692fdbe?s=40&#038;d=mm&#038;r=g' srcset='https:\/\/secure.gravatar.com\/avatar\/3c0b04397cdec206b346d2a7e692fdbe?s=80&#038;d=mm&#038;r=g 2x' class='avatar avatar-40 photo' height='40' width='40' decoding='async'\/><\/em>\r\n                                                            <span class=\"admin-text\">admin<\/span>\r\n                                                        <\/a>\r\n                                                    \r\n                                                                                                            <a class=\"blog-btn icon-after\" href=\"https:\/\/www.temsilder.org.tr\/en\/cocuk-ve-genclerde-cinsel-kimlik-gelisimi-betul-kutucu-2\/\">\r\n                                                            <span class=\"btn-txt\">Daha Fazla<\/span>\r\n                                                                                                                                 <svg xmlns=\"http:\/\/www.w3.org\/2000\/svg\" width=\"15\" height=\"15\" viewbox=\"0 0 15 15\"><g clip-path=\"url(#clip0_878_887)\"><path d=\"M7.5 8.125H2.5V6.875H7.5V2.5L12.5 7.5L7.5 12.5V8.125Z\" fill=\"#513DE8\"><\/path><\/g><defs><clippath id=\"clip0_878_887\"><rect width=\"15\" height=\"15\" fill=\"white\"><\/rect><\/clippath><\/defs><\/svg>\r\n                                                                                                                           \r\n                                                        <\/a>\r\n                                                <\/div>\r\n                                            \t\t\t\t\t\t\t\t\t<\/div>\r\n\t\t\t\t\t\t  \t\t<\/div>\r\n\t\t\t\t\t  \t\t<\/div>\r\n\t\t\t\t\t\t<\/div>\r\n\t\t\t\t\t\t\t\t\t\t\t\t\r\n\t\t\t\t\t\t<div class=\"col-lg-4 col-md-12\">\r\n\t\t\t\t\t\t\t<div class=\"pre-blog-item default pre-blog-meta- background\">\r\n\t\t\t\t\t\t\t\t<div class=\"blog-inner-wrap pre-thum-default pre-meta- top\">\r\n\t\t\t\t\t\t\t\t\t<div class=\"pre-image-wrap\" >\r\n                                        \r\n                                                                                    \r\n    \t\t\t\t\t\t\t\t\t\t<a class=\"pre-pointer-events\" href=\"https:\/\/www.temsilder.org.tr\/en\/temsil-der-kitap-kulubu-ikinci-sezonu-devam-ediyor-2\/\">\r\n                                                    \t\t\t\t\t\t\t\t\t\t\t<img loading=\"lazy\" width=\"1200\" height=\"650\" src=\"https:\/\/www.temsilder.org.tr\/wp-content\/uploads\/2026\/02\/haberweb3.png\" class=\"attachment-full size-full wp-post-image\" alt=\"\" decoding=\"async\" srcset=\"https:\/\/www.temsilder.org.tr\/wp-content\/uploads\/2026\/02\/haberweb3.png 1200w, https:\/\/www.temsilder.org.tr\/wp-content\/uploads\/2026\/02\/haberweb3-300x163.png 300w, https:\/\/www.temsilder.org.tr\/wp-content\/uploads\/2026\/02\/haberweb3-1024x555.png 1024w, https:\/\/www.temsilder.org.tr\/wp-content\/uploads\/2026\/02\/haberweb3-768x416.png 768w, https:\/\/www.temsilder.org.tr\/wp-content\/uploads\/2026\/02\/haberweb3-18x10.png 18w\" sizes=\"(max-width: 1200px) 100vw, 1200px\" \/>    \t\t\t\t\t\t\t\t\t\t<\/a>\r\n                                        \r\n\r\n                                        \t\t\t\t\t\t\t\t\t\t\t\r\n\t\t\t\t\t\t\t\t\t\t\r\n                                        \t\t\t\t\t\t\t\t\t<\/div>\t\r\n\r\n\t\t\t\t\t\t\t\t\t<div class=\"pre-blog-content\">\r\n                                    <!-- If Reverse Meta Vertical -->\r\n\r\n                                    \r\n                                                                                                                        \r\n                                                                                    <h3 class=\"pre-post-title\"><a class=\"pre-pointer-events\" href=\"https:\/\/www.temsilder.org.tr\/en\/temsil-der-kitap-kulubu-ikinci-sezonu-devam-ediyor-2\/\">TEMS\u0130L-DER Kitap Kul\u00fcb\u00fc \u0130kinci Sezonu Devam Ediyor<\/a><\/h3>                                        \r\n                                        \r\n                                    \r\n                                    <!-- End if Reverse Meta Vertical -->\r\n\r\n                                       \r\n\r\n                                            \t\t\t\t\t\t\t\t  \t\t<p class=\"pre-content\">Temsil Kad\u0131n ve Aile Okulu projesi kapsam\u0131nda her ay\u0131n...<\/p>\r\n    \t\t\t\t\t\t\t\t\t\r\n    \t\t\t\t\t\t\t\t\t\r\n                                        \r\n                                                                                            <div class=\"blog-btn-part\">\r\n                                                                                                            <a class=\"pre-admin\" href=\"https:\/\/www.temsilder.org.tr\/en\/author\/admin\/\">\r\n                                                            <em class=\"pre-avatar-image\"><img alt='' src='https:\/\/secure.gravatar.com\/avatar\/3c0b04397cdec206b346d2a7e692fdbe?s=40&#038;d=mm&#038;r=g' srcset='https:\/\/secure.gravatar.com\/avatar\/3c0b04397cdec206b346d2a7e692fdbe?s=80&#038;d=mm&#038;r=g 2x' class='avatar avatar-40 photo' height='40' width='40' decoding='async'\/><\/em>\r\n                                                            <span class=\"admin-text\">admin<\/span>\r\n                                                        <\/a>\r\n                                                    \r\n                                                                                                            <a class=\"blog-btn icon-after\" href=\"https:\/\/www.temsilder.org.tr\/en\/temsil-der-kitap-kulubu-ikinci-sezonu-devam-ediyor-2\/\">\r\n                                                            <span class=\"btn-txt\">Daha Fazla<\/span>\r\n                                                                                                                                 <svg xmlns=\"http:\/\/www.w3.org\/2000\/svg\" width=\"15\" height=\"15\" viewbox=\"0 0 15 15\"><g clip-path=\"url(#clip0_878_888)\"><path d=\"M7.5 8.125H2.5V6.875H7.5V2.5L12.5 7.5L7.5 12.5V8.125Z\" fill=\"#513DE8\"><\/path><\/g><defs><clippath id=\"clip0_878_888\"><rect width=\"15\" height=\"15\" fill=\"white\"><\/rect><\/clippath><\/defs><\/svg>\r\n                                                                                                                           \r\n                                                        <\/a>\r\n                                                <\/div>\r\n                                            \t\t\t\t\t\t\t\t\t<\/div>\r\n\t\t\t\t\t\t  \t\t<\/div>\r\n\t\t\t\t\t  \t\t<\/div>\r\n\t\t\t\t\t\t<\/div>\r\n\t\t\t\t\t\t\t\t\t\t\t\t\r\n\t\t\t\t\t\t<div class=\"col-lg-4 col-md-12\">\r\n\t\t\t\t\t\t\t<div class=\"pre-blog-item default pre-blog-meta- background\">\r\n\t\t\t\t\t\t\t\t<div class=\"blog-inner-wrap pre-thum-default pre-meta- top\">\r\n\t\t\t\t\t\t\t\t\t<div class=\"pre-image-wrap\" >\r\n                                        \r\n                                                                                    \r\n    \t\t\t\t\t\t\t\t\t\t<a class=\"pre-pointer-events\" href=\"https:\/\/www.temsilder.org.tr\/en\/eyupsultan-kaymakamimiz-dr-arslan-yurttan-dernegimize-ziyaret\/\">\r\n                                                    \t\t\t\t\t\t\t\t\t\t\t<img loading=\"lazy\" width=\"1200\" height=\"650\" src=\"https:\/\/www.temsilder.org.tr\/wp-content\/uploads\/2026\/02\/haberweb.png\" class=\"attachment-full size-full wp-post-image\" alt=\"\" decoding=\"async\" srcset=\"https:\/\/www.temsilder.org.tr\/wp-content\/uploads\/2026\/02\/haberweb.png 1200w, https:\/\/www.temsilder.org.tr\/wp-content\/uploads\/2026\/02\/haberweb-300x163.png 300w, https:\/\/www.temsilder.org.tr\/wp-content\/uploads\/2026\/02\/haberweb-1024x555.png 1024w, https:\/\/www.temsilder.org.tr\/wp-content\/uploads\/2026\/02\/haberweb-768x416.png 768w, https:\/\/www.temsilder.org.tr\/wp-content\/uploads\/2026\/02\/haberweb-18x10.png 18w\" sizes=\"(max-width: 1200px) 100vw, 1200px\" \/>    \t\t\t\t\t\t\t\t\t\t<\/a>\r\n                                        \r\n\r\n                                        \t\t\t\t\t\t\t\t\t\t\t\r\n\t\t\t\t\t\t\t\t\t\t\r\n                                        \t\t\t\t\t\t\t\t\t<\/div>\t\r\n\r\n\t\t\t\t\t\t\t\t\t<div class=\"pre-blog-content\">\r\n                                    <!-- If Reverse Meta Vertical -->\r\n\r\n                                    \r\n                                                                                                                        \r\n                                                                                    <h3 class=\"pre-post-title\"><a class=\"pre-pointer-events\" href=\"https:\/\/www.temsilder.org.tr\/en\/eyupsultan-kaymakamimiz-dr-arslan-yurttan-dernegimize-ziyaret\/\">Ey\u00fcpsultan Kaymakam\u0131m\u0131z Dr. Arslan Yurt&#8217;tan Derne\u011fimize Ziyaret<\/a><\/h3>                                        \r\n                                        \r\n                                    \r\n                                    <!-- End if Reverse Meta Vertical -->\r\n\r\n                                       \r\n\r\n                                            \t\t\t\t\t\t\t\t  \t\t<p class=\"pre-content\">Ey\u00fcpsultan Kaymakam\u0131m\u0131z Dr. Arslan Yurt 2 \u015eubat 2026 tarihinde...<\/p>\r\n    \t\t\t\t\t\t\t\t\t\r\n    \t\t\t\t\t\t\t\t\t\r\n                                        \r\n                                                                                            <div class=\"blog-btn-part\">\r\n                                                                                                            <a class=\"pre-admin\" href=\"https:\/\/www.temsilder.org.tr\/en\/author\/admin\/\">\r\n                                                            <em class=\"pre-avatar-image\"><img alt='' src='https:\/\/secure.gravatar.com\/avatar\/3c0b04397cdec206b346d2a7e692fdbe?s=40&#038;d=mm&#038;r=g' srcset='https:\/\/secure.gravatar.com\/avatar\/3c0b04397cdec206b346d2a7e692fdbe?s=80&#038;d=mm&#038;r=g 2x' class='avatar avatar-40 photo' height='40' width='40' decoding='async'\/><\/em>\r\n                                                            <span class=\"admin-text\">admin<\/span>\r\n                                                        <\/a>\r\n                                                    \r\n                                                                                                            <a class=\"blog-btn icon-after\" href=\"https:\/\/www.temsilder.org.tr\/en\/eyupsultan-kaymakamimiz-dr-arslan-yurttan-dernegimize-ziyaret\/\">\r\n                                                            <span class=\"btn-txt\">Daha Fazla<\/span>\r\n                                                                                                                                 <svg xmlns=\"http:\/\/www.w3.org\/2000\/svg\" width=\"15\" height=\"15\" viewbox=\"0 0 15 15\"><g clip-path=\"url(#clip0_878_889)\"><path d=\"M7.5 8.125H2.5V6.875H7.5V2.5L12.5 7.5L7.5 12.5V8.125Z\" fill=\"#513DE8\"><\/path><\/g><defs><clippath id=\"clip0_878_889\"><rect width=\"15\" height=\"15\" fill=\"white\"><\/rect><\/clippath><\/defs><\/svg>\r\n                                                                                                                           \r\n                                                        <\/a>\r\n                                                <\/div>\r\n                                            \t\t\t\t\t\t\t\t\t<\/div>\r\n\t\t\t\t\t\t  \t\t<\/div>\r\n\t\t\t\t\t  \t\t<\/div>\r\n\t\t\t\t\t\t<\/div>\r\n\t\t\t\t\t\t\r\n                    \t\t\t\t<\/div>\r\n\t\t\t\t\t\t\t\t\t\t<div class=\"prelements-pagination-area\"><div class=\"nav-links\"><span aria-current=\"page\" class=\"page-numbers current\">1<\/span>\n<a class=\"page-numbers\" href=\"https:\/\/www.temsilder.org.tr\/en\/wp-json\/wp\/v2\/pages\/80380\/page\/2\/\">2<\/a>\n<a class=\"page-numbers\" href=\"https:\/\/www.temsilder.org.tr\/en\/wp-json\/wp\/v2\/pages\/80380\/page\/3\/\">3<\/a>\n<span class=\"page-numbers dots\">&hellip;<\/span>\n<a class=\"page-numbers\" href=\"https:\/\/www.temsilder.org.tr\/en\/wp-json\/wp\/v2\/pages\/80380\/page\/11\/\">11<\/a>\n<a class=\"next page-numbers\" href=\"https:\/\/www.temsilder.org.tr\/en\/wp-json\/wp\/v2\/pages\/80380\/page\/2\/\">\u00bb<\/a><\/div><\/div>\r\n\t\t\t\t\r\n\t\t\t<\/div>\r\n              \r\n\t\t\t\t\t\t<\/div>\n\t\t\t\t<\/div>\n\t\t\t\t\t<\/div>\n\t\t<\/div>\n\t\t\t\t\t<\/div>\n\t\t<\/section>\n\t\t\t\t\t<\/div>\n\t\t<\/div>\n\t\t\t\t\t<\/div>\n\t\t<\/section>\n\t\t\t\t<\/div>","protected":false},"excerpt":{"rendered":"<p>Haberler Temsil-Der Staj Program\u0131 Temsil-Der Staj Program\u0131yla faaliyetlerimizi g\u00fc\u00e7lendirmek ve \u00f6\u011frencilerin akademik ve&#8230; admin Daha Fazla TEMS\u0130L-DER\u2019den \u0130SAV\u2019a Kurumsal Ziyaret Temsil E\u011fitim ve K\u00fclt\u00fcr Derne\u011fi (Temsil-Der), kurumsal ziyaret kapsam\u0131nda&#8230; admin Daha Fazla Temsil Akademi Ba\u015fl\u0131yor\u2026 E\u011fitim \u015eekli: \u00c7evrimi\u00e7i (Zoom) E\u011fitimlerimiz \u00fccretsizdir. Temsil E\u011fitim ve&#8230; admin Daha Fazla Din G\u00f6revlileri Derne\u011fine Kurumsal Ziyaret Temsil E\u011fitim ve&#8230;<\/p>","protected":false},"author":1,"featured_media":0,"parent":0,"menu_order":0,"comment_status":"closed","ping_status":"closed","template":"elementor_header_footer","meta":{"_themeisle_gutenberg_block_has_review":false,"footnotes":""},"_links":{"self":[{"href":"https:\/\/www.temsilder.org.tr\/en\/wp-json\/wp\/v2\/pages\/80380"}],"collection":[{"href":"https:\/\/www.temsilder.org.tr\/en\/wp-json\/wp\/v2\/pages"}],"about":[{"href":"https:\/\/www.temsilder.org.tr\/en\/wp-json\/wp\/v2\/types\/page"}],"author":[{"embeddable":true,"href":"https:\/\/www.temsilder.org.tr\/en\/wp-json\/wp\/v2\/users\/1"}],"replies":[{"embeddable":true,"href":"https:\/\/www.temsilder.org.tr\/en\/wp-json\/wp\/v2\/comments?post=80380"}],"version-history":[{"count":30,"href":"https:\/\/www.temsilder.org.tr\/en\/wp-json\/wp\/v2\/pages\/80380\/revisions"}],"predecessor-version":[{"id":95272,"href":"https:\/\/www.temsilder.org.tr\/en\/wp-json\/wp\/v2\/pages\/80380\/revisions\/95272"}],"wp:attachment":[{"href":"https:\/\/www.temsilder.org.tr\/en\/wp-json\/wp\/v2\/media?parent=80380"}],"curies":[{"name":"wp","href":"https:\/\/api.w.org\/{rel}","templated":true}]}}